{"id":265,"date":"2025-05-21T09:00:35","date_gmt":"2025-05-21T07:00:35","guid":{"rendered":"https:\/\/ionaramendi.eus\/hasiera\/"},"modified":"2026-03-04T13:30:49","modified_gmt":"2026-03-04T12:30:49","slug":"interiorismo","status":"publish","type":"page","link":"https:\/\/ionaramendi.eus\/es\/","title":{"rendered":"Inicio"},"content":{"rendered":"\t\t<div data-elementor-type=\"wp-page\" data-elementor-id=\"265\" class=\"elementor elementor-265 elementor-9\" data-elementor-post-type=\"page\">\n\t\t\t\t<div class=\"elementor-element elementor-element-1327c26 e-flex e-con-boxed e-con e-parent\" data-id=\"1327c26\" data-element_type=\"container\" data-settings=\"{&quot;background_background&quot;:&quot;classic&quot;}\">\n\t\t\t\t\t<div class=\"e-con-inner\">\n\t\t\t\t<div class=\"elementor-element elementor-element-370f840 elementor-invisible elementor-widget elementor-widget-heading\" data-id=\"370f840\" data-element_type=\"widget\" data-settings=\"{&quot;_animation&quot;:&quot;slideInLeft&quot;}\" data-widget_type=\"heading.default\">\n\t\t\t\t<div class=\"elementor-widget-container\">\n\t\t\t\t\t<h1 class=\"elementor-heading-title elementor-size-default\">Interiorismo y gesti\u00f3n de obra<\/h1>\t\t\t\t<\/div>\n\t\t\t\t<\/div>\n\t\t\t\t\t<\/div>\n\t\t\t\t<\/div>\n\t\t<div class=\"elementor-element elementor-element-9ccfdf8 e-flex e-con-boxed e-con e-parent\" data-id=\"9ccfdf8\" data-element_type=\"container\" id=\"ion\" data-settings=\"{&quot;background_background&quot;:&quot;classic&quot;}\">\n\t\t\t\t\t<div class=\"e-con-inner\">\n\t\t<div class=\"elementor-element elementor-element-6b82c31 e-con-full e-flex e-con e-child\" data-id=\"6b82c31\" data-element_type=\"container\">\n\t\t\t\t<div class=\"elementor-element elementor-element-949db43 elementor-widget elementor-widget-text-editor\" data-id=\"949db43\" data-element_type=\"widget\" data-widget_type=\"text-editor.default\">\n\t\t\t\t<div class=\"elementor-widget-container\">\n\t\t\t\t\t\t\t\t\t<p>Soy Ion Aramendi, dise\u00f1ador de interiores desde 2015.<\/p><p>Desde mi estudio desarrollo proyectos residenciales de reforma integral con una mirada detallista y respetuosa con la identidad de cada espacio. Concibo el dise\u00f1o como una herramienta para mejorar la forma en la que habitamos, combinando criterio t\u00e9cnico, sensibilidad est\u00e9tica y sentido com\u00fan.<\/p><p>Cada hogar tiene sus propias necesidades, por eso cada proyecto se construye de forma cercana y personalizada. Acompa\u00f1o al cliente durante todo el proceso o en aquellas fases concretas que requiera, ofreciendo flexibilidad y claridad. La prioridad es generar un clima de confianza y seguridad, donde delegar sea f\u00e1cil y cada decisi\u00f3n est\u00e9 tomada con atenci\u00f3n y rigor.<\/p>\t\t\t\t\t\t\t\t<\/div>\n\t\t\t\t<\/div>\n\t\t\t\t<\/div>\n\t\t<div class=\"elementor-element elementor-element-e9362a4 e-con-full e-flex e-con e-child\" data-id=\"e9362a4\" data-element_type=\"container\">\n\t\t\t\t<div class=\"elementor-element elementor-element-28f7d2d elementor-widget elementor-widget-text-editor\" data-id=\"28f7d2d\" data-element_type=\"widget\" data-widget_type=\"text-editor.default\">\n\t\t\t\t<div class=\"elementor-widget-container\">\n\t\t\t\t\t\t\t\t\t<p>Estoy colegiado en el Colegio Oficial de Dise\u00f1adores de Interior de Gipuzkoa, donde formo parte de la junta de gobierno. A partir de ese compromiso profesional, trabajo con un enfoque honesto y sostenible, cuidando cada decisi\u00f3n y respetando tanto el entorno como la historia de cada espacio. Me interesa preservar su esencia y destacar lo que lo hace \u00fanico, utilizando materiales responsables y soluciones pensadas para durar.<\/p><p>Con esta mirada, cada proyecto es una oportunidad para construir algo coherente, \u00fatil y con alma.<\/p>\t\t\t\t\t\t\t\t<\/div>\n\t\t\t\t<\/div>\n\t\t\t\t<\/div>\n\t\t\t\t\t<\/div>\n\t\t\t\t<\/div>\n\t\t<div class=\"elementor-element elementor-element-f166ab7 e-flex e-con-boxed e-con e-parent\" data-id=\"f166ab7\" data-element_type=\"container\" id=\"servicios\" data-settings=\"{&quot;background_background&quot;:&quot;classic&quot;}\">\n\t\t\t\t\t<div class=\"e-con-inner\">\n\t\t<div class=\"elementor-element elementor-element-973380e e-con-full e-flex e-con e-child\" data-id=\"973380e\" data-element_type=\"container\">\n\t\t\t\t<div class=\"elementor-element elementor-element-6b16b64 elementor-widget elementor-widget-heading\" data-id=\"6b16b64\" data-element_type=\"widget\" data-widget_type=\"heading.default\">\n\t\t\t\t<div class=\"elementor-widget-container\">\n\t\t\t\t\t<h2 class=\"elementor-heading-title elementor-size-default\">Servicios<\/h2>\t\t\t\t<\/div>\n\t\t\t\t<\/div>\n\t\t<div class=\"elementor-element elementor-element-2fe8daa e-grid e-con-full e-con e-child\" data-id=\"2fe8daa\" data-element_type=\"container\">\n\t\t\t\t<div class=\"elementor-element elementor-element-12a36d1 elementor-position-left elementor-mobile-position-left elementor-view-default elementor-vertical-align-top elementor-widget elementor-widget-icon-box\" data-id=\"12a36d1\" data-element_type=\"widget\" data-widget_type=\"icon-box.default\">\n\t\t\t\t<div class=\"elementor-widget-container\">\n\t\t\t\t\t\t\t<div class=\"elementor-icon-box-wrapper\">\n\n\t\t\t\t\t\t<div class=\"elementor-icon-box-icon\">\n\t\t\t\t<span  class=\"elementor-icon\">\n\t\t\t\t<svg aria-hidden=\"true\" class=\"e-font-icon-svg e-fas-brain\" viewBox=\"0 0 576 512\" xmlns=\"http:\/\/www.w3.org\/2000\/svg\"><path d=\"M208 0c-29.9 0-54.7 20.5-61.8 48.2-.8 0-1.4-.2-2.2-.2-35.3 0-64 28.7-64 64 0 4.8.6 9.5 1.7 14C52.5 138 32 166.6 32 200c0 12.6 3.2 24.3 8.3 34.9C16.3 248.7 0 274.3 0 304c0 33.3 20.4 61.9 49.4 73.9-.9 4.6-1.4 9.3-1.4 14.1 0 39.8 32.2 72 72 72 4.1 0 8.1-.5 12-1.2 9.6 28.5 36.2 49.2 68 49.2 39.8 0 72-32.2 72-72V64c0-35.3-28.7-64-64-64zm368 304c0-29.7-16.3-55.3-40.3-69.1 5.2-10.6 8.3-22.3 8.3-34.9 0-33.4-20.5-62-49.7-74 1-4.5 1.7-9.2 1.7-14 0-35.3-28.7-64-64-64-.8 0-1.5.2-2.2.2C422.7 20.5 397.9 0 368 0c-35.3 0-64 28.6-64 64v376c0 39.8 32.2 72 72 72 31.8 0 58.4-20.7 68-49.2 3.9.7 7.9 1.2 12 1.2 39.8 0 72-32.2 72-72 0-4.8-.5-9.5-1.4-14.1 29-12 49.4-40.6 49.4-73.9z\"><\/path><\/svg>\t\t\t\t<\/span>\n\t\t\t<\/div>\n\t\t\t\n\t\t\t\t\t\t<div class=\"elementor-icon-box-content\">\n\n\t\t\t\t\t\t\t\t\t<h3 class=\"elementor-icon-box-title\">\n\t\t\t\t\t\t<span  >\n\t\t\t\t\t\t\tConcepto\t\t\t\t\t\t<\/span>\n\t\t\t\t\t<\/h3>\n\t\t\t\t\n\t\t\t\t\t\t\t\t\t<p class=\"elementor-icon-box-description\">\n\t\t\t\t\t\tEmpiezo cada proyecto escuchando. Analizo tus necesidades y desarrollo un concepto que recoja la esencia del espacio y tu forma de vivirlo, con materiales sostenibles y dise\u00f1o con car\u00e1cter.\t\t\t\t\t<\/p>\n\t\t\t\t\n\t\t\t<\/div>\n\t\t\t\n\t\t<\/div>\n\t\t\t\t\t\t<\/div>\n\t\t\t\t<\/div>\n\t\t\t\t<div class=\"elementor-element elementor-element-23e363d elementor-position-left elementor-mobile-position-left elementor-view-default elementor-vertical-align-top elementor-widget elementor-widget-icon-box\" data-id=\"23e363d\" data-element_type=\"widget\" data-widget_type=\"icon-box.default\">\n\t\t\t\t<div class=\"elementor-widget-container\">\n\t\t\t\t\t\t\t<div class=\"elementor-icon-box-wrapper\">\n\n\t\t\t\t\t\t<div class=\"elementor-icon-box-icon\">\n\t\t\t\t<span  class=\"elementor-icon\">\n\t\t\t\t<svg aria-hidden=\"true\" class=\"e-font-icon-svg e-fas-pencil-ruler\" viewBox=\"0 0 512 512\" xmlns=\"http:\/\/www.w3.org\/2000\/svg\"><path d=\"M109.46 244.04l134.58-134.56-44.12-44.12-61.68 61.68a7.919 7.919 0 0 1-11.21 0l-11.21-11.21c-3.1-3.1-3.1-8.12 0-11.21l61.68-61.68-33.64-33.65C131.47-3.1 111.39-3.1 99 9.29L9.29 99c-12.38 12.39-12.39 32.47 0 44.86l100.17 100.18zm388.47-116.8c18.76-18.76 18.75-49.17 0-67.93l-45.25-45.25c-18.76-18.76-49.18-18.76-67.95 0l-46.02 46.01 113.2 113.2 46.02-46.03zM316.08 82.71l-297 296.96L.32 487.11c-2.53 14.49 10.09 27.11 24.59 24.56l107.45-18.84L429.28 195.9 316.08 82.71zm186.63 285.43l-33.64-33.64-61.68 61.68c-3.1 3.1-8.12 3.1-11.21 0l-11.21-11.21c-3.09-3.1-3.09-8.12 0-11.21l61.68-61.68-44.14-44.14L267.93 402.5l100.21 100.2c12.39 12.39 32.47 12.39 44.86 0l89.71-89.7c12.39-12.39 12.39-32.47 0-44.86z\"><\/path><\/svg>\t\t\t\t<\/span>\n\t\t\t<\/div>\n\t\t\t\n\t\t\t\t\t\t<div class=\"elementor-icon-box-content\">\n\n\t\t\t\t\t\t\t\t\t<h3 class=\"elementor-icon-box-title\">\n\t\t\t\t\t\t<span  >\n\t\t\t\t\t\t\tProyecto\t\t\t\t\t\t<\/span>\n\t\t\t\t\t<\/h3>\n\t\t\t\t\n\t\t\t\t\t\t\t\t\t<p class=\"elementor-icon-box-description\">\n\t\t\t\t\t\tRedacto cada proyecto t\u00e9cnico visado y respaldado por el colegio profesional. Incluye toda la documentaci\u00f3n necesaria: planos t\u00e9cnicos (instalaciones, acabados), justificaci\u00f3n normativa, pliego de condiciones y control de calidad.\t\t\t\t\t<\/p>\n\t\t\t\t\n\t\t\t<\/div>\n\t\t\t\n\t\t<\/div>\n\t\t\t\t\t\t<\/div>\n\t\t\t\t<\/div>\n\t\t\t\t<div class=\"elementor-element elementor-element-24e276e elementor-position-left elementor-mobile-position-left elementor-view-default elementor-vertical-align-top elementor-widget elementor-widget-icon-box\" data-id=\"24e276e\" data-element_type=\"widget\" data-widget_type=\"icon-box.default\">\n\t\t\t\t<div class=\"elementor-widget-container\">\n\t\t\t\t\t\t\t<div class=\"elementor-icon-box-wrapper\">\n\n\t\t\t\t\t\t<div class=\"elementor-icon-box-icon\">\n\t\t\t\t<span  class=\"elementor-icon\">\n\t\t\t\t<svg aria-hidden=\"true\" class=\"e-font-icon-svg e-fas-hammer\" viewBox=\"0 0 576 512\" xmlns=\"http:\/\/www.w3.org\/2000\/svg\"><path d=\"M571.31 193.94l-22.63-22.63c-6.25-6.25-16.38-6.25-22.63 0l-11.31 11.31-28.9-28.9c5.63-21.31.36-44.9-16.35-61.61l-45.25-45.25c-62.48-62.48-163.79-62.48-226.28 0l90.51 45.25v18.75c0 16.97 6.74 33.25 18.75 45.25l49.14 49.14c16.71 16.71 40.3 21.98 61.61 16.35l28.9 28.9-11.31 11.31c-6.25 6.25-6.25 16.38 0 22.63l22.63 22.63c6.25 6.25 16.38 6.25 22.63 0l90.51-90.51c6.23-6.24 6.23-16.37-.02-22.62zm-286.72-15.2c-3.7-3.7-6.84-7.79-9.85-11.95L19.64 404.96c-25.57 23.88-26.26 64.19-1.53 88.93s65.05 24.05 88.93-1.53l238.13-255.07c-3.96-2.91-7.9-5.87-11.44-9.41l-49.14-49.14z\"><\/path><\/svg>\t\t\t\t<\/span>\n\t\t\t<\/div>\n\t\t\t\n\t\t\t\t\t\t<div class=\"elementor-icon-box-content\">\n\n\t\t\t\t\t\t\t\t\t<h3 class=\"elementor-icon-box-title\">\n\t\t\t\t\t\t<span  >\n\t\t\t\t\t\t\tObra\t\t\t\t\t\t<\/span>\n\t\t\t\t\t<\/h3>\n\t\t\t\t\n\t\t\t\t\t\t\t\t\t<p class=\"elementor-icon-box-description\">\n\t\t\t\t\t\tCoordino gremios, dirijo la ejecuci\u00f3n y controlo el presupuesto para asegurar que la obra se realice con calidad, fidelidad y sin sorpresas.\t\t\t\t\t<\/p>\n\t\t\t\t\n\t\t\t<\/div>\n\t\t\t\n\t\t<\/div>\n\t\t\t\t\t\t<\/div>\n\t\t\t\t<\/div>\n\t\t\t\t<div class=\"elementor-element elementor-element-38af3b3 elementor-position-left elementor-mobile-position-left elementor-view-default elementor-vertical-align-top elementor-widget elementor-widget-icon-box\" data-id=\"38af3b3\" data-element_type=\"widget\" data-widget_type=\"icon-box.default\">\n\t\t\t\t<div class=\"elementor-widget-container\">\n\t\t\t\t\t\t\t<div class=\"elementor-icon-box-wrapper\">\n\n\t\t\t\t\t\t<div class=\"elementor-icon-box-icon\">\n\t\t\t\t<span  class=\"elementor-icon\">\n\t\t\t\t<svg aria-hidden=\"true\" class=\"e-font-icon-svg e-fas-couch\" viewBox=\"0 0 640 512\" xmlns=\"http:\/\/www.w3.org\/2000\/svg\"><path d=\"M160 224v64h320v-64c0-35.3 28.7-64 64-64h32c0-53-43-96-96-96H160c-53 0-96 43-96 96h32c35.3 0 64 28.7 64 64zm416-32h-32c-17.7 0-32 14.3-32 32v96H128v-96c0-17.7-14.3-32-32-32H64c-35.3 0-64 28.7-64 64 0 23.6 13 44 32 55.1V432c0 8.8 7.2 16 16 16h64c8.8 0 16-7.2 16-16v-16h384v16c0 8.8 7.2 16 16 16h64c8.8 0 16-7.2 16-16V311.1c19-11.1 32-31.5 32-55.1 0-35.3-28.7-64-64-64z\"><\/path><\/svg>\t\t\t\t<\/span>\n\t\t\t<\/div>\n\t\t\t\n\t\t\t\t\t\t<div class=\"elementor-icon-box-content\">\n\n\t\t\t\t\t\t\t\t\t<h3 class=\"elementor-icon-box-title\">\n\t\t\t\t\t\t<span  >\n\t\t\t\t\t\t\tAmueblamiento\t\t\t\t\t\t<\/span>\n\t\t\t\t\t<\/h3>\n\t\t\t\t\n\t\t\t\t\t\t\t\t\t<p class=\"elementor-icon-box-description\">\n\t\t\t\t\t\tSelecciono cada pieza para completar y dar vida al espacio. Mobiliario, iluminaci\u00f3n y textiles aportan calidez, coherencia y personalidad.\t\t\t\t\t<\/p>\n\t\t\t\t\n\t\t\t<\/div>\n\t\t\t\n\t\t<\/div>\n\t\t\t\t\t\t<\/div>\n\t\t\t\t<\/div>\n\t\t\t\t<\/div>\n\t\t\t\t<\/div>\n\t\t\t\t\t<\/div>\n\t\t\t\t<\/div>\n\t\t\t\t<\/div>\n\t\t","protected":false},"excerpt":{"rendered":"<p>Interiorismo y gesti\u00f3n de obra Soy Ion Aramendi, dise\u00f1ador de interiores desde 2015. Desde mi estudio desarrollo proyectos residenciales de [&hellip;]<\/p>\n","protected":false},"author":1,"featured_media":0,"parent":0,"menu_order":0,"comment_status":"closed","ping_status":"closed","template":"","meta":{"site-sidebar-layout":"no-sidebar","site-content-layout":"","ast-site-content-layout":"full-width-container","site-content-style":"default","site-sidebar-style":"default","ast-global-header-display":"","ast-banner-title-visibility":"","ast-main-header-display":"","ast-hfb-above-header-display":"","ast-hfb-below-header-display":"","ast-hfb-mobile-header-display":"","site-post-title":"disabled","ast-breadcrumbs-content":"","ast-featured-img":"disabled","footer-sml-layout":"","theme-transparent-header-meta":"enabled","adv-header-id-meta":"","stick-header-meta":"","header-above-stick-meta":"","header-main-stick-meta":"","header-below-stick-meta":"","astra-migrate-meta-layouts":"default","ast-page-background-enabled":"default","ast-page-background-meta":{"desktop":{"background-color":"var(--ast-global-color-5)","background-image":"","background-repeat":"repeat","background-position":"center center","background-size":"auto","background-attachment":"scroll","background-type":"","background-media":"","overlay-type":"","overlay-color":"","overlay-opacity":"","overlay-gradient":""},"tablet":{"background-color":"","background-image":"","background-repeat":"repeat","background-position":"center center","background-size":"auto","background-attachment":"scroll","background-type":"","background-media":"","overlay-type":"","overlay-color":"","overlay-opacity":"","overlay-gradient":""},"mobile":{"background-color":"","background-image":"","background-repeat":"repeat","background-position":"center center","background-size":"auto","background-attachment":"scroll","background-type":"","background-media":"","overlay-type":"","overlay-color":"","overlay-opacity":"","overlay-gradient":""}},"ast-content-background-meta":{"desktop":{"background-color":"var(--ast-global-color-4)","background-image":"","background-repeat":"repeat","background-position":"center center","background-size":"auto","background-attachment":"scroll","background-type":"","background-media":"","overlay-type":"","overlay-color":"","overlay-opacity":"","overlay-gradient":""},"tablet":{"background-color":"var(--ast-global-color-4)","background-image":"","background-repeat":"repeat","background-position":"center center","background-size":"auto","background-attachment":"scroll","background-type":"","background-media":"","overlay-type":"","overlay-color":"","overlay-opacity":"","overlay-gradient":""},"mobile":{"background-color":"var(--ast-global-color-4)","background-image":"","background-repeat":"repeat","background-position":"center center","background-size":"auto","background-attachment":"scroll","background-type":"","background-media":"","overlay-type":"","overlay-color":"","overlay-opacity":"","overlay-gradient":""}},"footnotes":""},"class_list":["post-265","page","type-page","status-publish","hentry"],"yoast_head":"<!-- This site is optimized with the Yoast SEO plugin v25.4 - https:\/\/yoast.com\/wordpress\/plugins\/seo\/ -->\n<title>Interiorismo y gesti\u00f3n de obra - Ion Aramendi Interiorismo<\/title>\n<meta name=\"description\" content=\"Interiorismo y gesti\u00f3n de obra en Donostia-San Sebasti\u00e1n y Gipuzkoa. Concepto, proyecto, obra y amueblamiento de proyectos.\" \/>\n<meta name=\"robots\" content=\"index, follow, max-snippet:-1, max-image-preview:large, max-video-preview:-1\" \/>\n<link rel=\"canonical\" href=\"https:\/\/ionaramendi.eus\/es\/\" \/>\n<meta property=\"og:locale\" content=\"es_ES\" \/>\n<meta property=\"og:type\" content=\"article\" \/>\n<meta property=\"og:title\" content=\"Interiorismo y gesti\u00f3n de obra - Ion Aramendi Interiorismo\" \/>\n<meta property=\"og:description\" content=\"Interiorismo y gesti\u00f3n de obra en Donostia-San Sebasti\u00e1n y Gipuzkoa. Concepto, proyecto, obra y amueblamiento de proyectos.\" \/>\n<meta property=\"og:url\" content=\"https:\/\/ionaramendi.eus\/es\/\" \/>\n<meta property=\"og:site_name\" content=\"Ion Aramendi Interiorismo\" \/>\n<meta property=\"article:modified_time\" content=\"2026-03-04T12:30:49+00:00\" \/>\n<meta property=\"og:image\" content=\"https:\/\/ionaramendi.eus\/wp-content\/uploads\/2025\/05\/Ion-Aramendi-Interiorismo_logotipo-horizontala_cs.png\" \/>\n\t<meta property=\"og:image:width\" content=\"1500\" \/>\n\t<meta property=\"og:image:height\" content=\"971\" \/>\n\t<meta property=\"og:image:type\" content=\"image\/png\" \/>\n<meta name=\"twitter:card\" content=\"summary_large_image\" \/>\n<meta name=\"twitter:label1\" content=\"Tiempo de lectura\" \/>\n\t<meta name=\"twitter:data1\" content=\"1 minuto\" \/>\n<script type=\"application\/ld+json\" class=\"yoast-schema-graph\">{\"@context\":\"https:\/\/schema.org\",\"@graph\":[{\"@type\":\"WebPage\",\"@id\":\"https:\/\/ionaramendi.eus\/es\/\",\"url\":\"https:\/\/ionaramendi.eus\/es\/\",\"name\":\"Interiorismo y gesti\u00f3n de obra - Ion Aramendi Interiorismo\",\"isPartOf\":{\"@id\":\"https:\/\/ionaramendi.eus\/es\/#website\"},\"datePublished\":\"2025-05-21T07:00:35+00:00\",\"dateModified\":\"2026-03-04T12:30:49+00:00\",\"description\":\"Interiorismo y gesti\u00f3n de obra en Donostia-San Sebasti\u00e1n y Gipuzkoa. Concepto, proyecto, obra y amueblamiento de proyectos.\",\"breadcrumb\":{\"@id\":\"https:\/\/ionaramendi.eus\/es\/#breadcrumb\"},\"inLanguage\":\"es\",\"potentialAction\":[{\"@type\":\"ReadAction\",\"target\":[\"https:\/\/ionaramendi.eus\/es\/\"]}]},{\"@type\":\"BreadcrumbList\",\"@id\":\"https:\/\/ionaramendi.eus\/es\/#breadcrumb\",\"itemListElement\":[{\"@type\":\"ListItem\",\"position\":1,\"name\":\"Home\",\"item\":\"https:\/\/ionaramendi.eus\/es\/\"},{\"@type\":\"ListItem\",\"position\":2,\"name\":\"Inicio\"}]},{\"@type\":\"WebSite\",\"@id\":\"https:\/\/ionaramendi.eus\/es\/#website\",\"url\":\"https:\/\/ionaramendi.eus\/es\/\",\"name\":\"Ion Aramendi Interiorismo\",\"description\":\"\",\"publisher\":{\"@id\":\"https:\/\/ionaramendi.eus\/es\/#organization\"},\"potentialAction\":[{\"@type\":\"SearchAction\",\"target\":{\"@type\":\"EntryPoint\",\"urlTemplate\":\"https:\/\/ionaramendi.eus\/es\/?s={search_term_string}\"},\"query-input\":{\"@type\":\"PropertyValueSpecification\",\"valueRequired\":true,\"valueName\":\"search_term_string\"}}],\"inLanguage\":\"es\"},{\"@type\":\"Organization\",\"@id\":\"https:\/\/ionaramendi.eus\/es\/#organization\",\"name\":\"Ion Aramendi Interiorismo\",\"url\":\"https:\/\/ionaramendi.eus\/es\/\",\"logo\":{\"@type\":\"ImageObject\",\"inLanguage\":\"es\",\"@id\":\"https:\/\/ionaramendi.eus\/es\/#\/schema\/logo\/image\/\",\"url\":\"https:\/\/ionaramendi.eus\/wp-content\/uploads\/2025\/05\/ION_ARAMENDI_bertikala1_positiboa.png\",\"contentUrl\":\"https:\/\/ionaramendi.eus\/wp-content\/uploads\/2025\/05\/ION_ARAMENDI_bertikala1_positiboa.png\",\"width\":2242,\"height\":1413,\"caption\":\"Ion Aramendi Interiorismo\"},\"image\":{\"@id\":\"https:\/\/ionaramendi.eus\/es\/#\/schema\/logo\/image\/\"},\"sameAs\":[\"https:\/\/www.instagram.com\/ionaramendi.eus\",\"https:\/\/www.linkedin.com\/in\/ionaramendi\/\"]}]}<\/script>\n<!-- \/ Yoast SEO plugin. -->","yoast_head_json":{"title":"Interiorismo y gesti\u00f3n de obra - Ion Aramendi Interiorismo","description":"Interiorismo y gesti\u00f3n de obra en Donostia-San Sebasti\u00e1n y Gipuzkoa. Concepto, proyecto, obra y amueblamiento de proyectos.","robots":{"index":"index","follow":"follow","max-snippet":"max-snippet:-1","max-image-preview":"max-image-preview:large","max-video-preview":"max-video-preview:-1"},"canonical":"https:\/\/ionaramendi.eus\/es\/","og_locale":"es_ES","og_type":"article","og_title":"Interiorismo y gesti\u00f3n de obra - Ion Aramendi Interiorismo","og_description":"Interiorismo y gesti\u00f3n de obra en Donostia-San Sebasti\u00e1n y Gipuzkoa. Concepto, proyecto, obra y amueblamiento de proyectos.","og_url":"https:\/\/ionaramendi.eus\/es\/","og_site_name":"Ion Aramendi Interiorismo","article_modified_time":"2026-03-04T12:30:49+00:00","og_image":[{"width":1500,"height":971,"url":"https:\/\/ionaramendi.eus\/wp-content\/uploads\/2025\/05\/Ion-Aramendi-Interiorismo_logotipo-horizontala_cs.png","type":"image\/png"}],"twitter_card":"summary_large_image","twitter_misc":{"Tiempo de lectura":"1 minuto"},"schema":{"@context":"https:\/\/schema.org","@graph":[{"@type":"WebPage","@id":"https:\/\/ionaramendi.eus\/es\/","url":"https:\/\/ionaramendi.eus\/es\/","name":"Interiorismo y gesti\u00f3n de obra - Ion Aramendi Interiorismo","isPartOf":{"@id":"https:\/\/ionaramendi.eus\/es\/#website"},"datePublished":"2025-05-21T07:00:35+00:00","dateModified":"2026-03-04T12:30:49+00:00","description":"Interiorismo y gesti\u00f3n de obra en Donostia-San Sebasti\u00e1n y Gipuzkoa. Concepto, proyecto, obra y amueblamiento de proyectos.","breadcrumb":{"@id":"https:\/\/ionaramendi.eus\/es\/#breadcrumb"},"inLanguage":"es","potentialAction":[{"@type":"ReadAction","target":["https:\/\/ionaramendi.eus\/es\/"]}]},{"@type":"BreadcrumbList","@id":"https:\/\/ionaramendi.eus\/es\/#breadcrumb","itemListElement":[{"@type":"ListItem","position":1,"name":"Home","item":"https:\/\/ionaramendi.eus\/es\/"},{"@type":"ListItem","position":2,"name":"Inicio"}]},{"@type":"WebSite","@id":"https:\/\/ionaramendi.eus\/es\/#website","url":"https:\/\/ionaramendi.eus\/es\/","name":"Ion Aramendi Interiorismo","description":"","publisher":{"@id":"https:\/\/ionaramendi.eus\/es\/#organization"},"potentialAction":[{"@type":"SearchAction","target":{"@type":"EntryPoint","urlTemplate":"https:\/\/ionaramendi.eus\/es\/?s={search_term_string}"},"query-input":{"@type":"PropertyValueSpecification","valueRequired":true,"valueName":"search_term_string"}}],"inLanguage":"es"},{"@type":"Organization","@id":"https:\/\/ionaramendi.eus\/es\/#organization","name":"Ion Aramendi Interiorismo","url":"https:\/\/ionaramendi.eus\/es\/","logo":{"@type":"ImageObject","inLanguage":"es","@id":"https:\/\/ionaramendi.eus\/es\/#\/schema\/logo\/image\/","url":"https:\/\/ionaramendi.eus\/wp-content\/uploads\/2025\/05\/ION_ARAMENDI_bertikala1_positiboa.png","contentUrl":"https:\/\/ionaramendi.eus\/wp-content\/uploads\/2025\/05\/ION_ARAMENDI_bertikala1_positiboa.png","width":2242,"height":1413,"caption":"Ion Aramendi Interiorismo"},"image":{"@id":"https:\/\/ionaramendi.eus\/es\/#\/schema\/logo\/image\/"},"sameAs":["https:\/\/www.instagram.com\/ionaramendi.eus","https:\/\/www.linkedin.com\/in\/ionaramendi\/"]}]}},"_links":{"self":[{"href":"https:\/\/ionaramendi.eus\/es\/wp-json\/wp\/v2\/pages\/265","targetHints":{"allow":["GET"]}}],"collection":[{"href":"https:\/\/ionaramendi.eus\/es\/wp-json\/wp\/v2\/pages"}],"about":[{"href":"https:\/\/ionaramendi.eus\/es\/wp-json\/wp\/v2\/types\/page"}],"author":[{"embeddable":true,"href":"https:\/\/ionaramendi.eus\/es\/wp-json\/wp\/v2\/users\/1"}],"replies":[{"embeddable":true,"href":"https:\/\/ionaramendi.eus\/es\/wp-json\/wp\/v2\/comments?post=265"}],"version-history":[{"count":14,"href":"https:\/\/ionaramendi.eus\/es\/wp-json\/wp\/v2\/pages\/265\/revisions"}],"predecessor-version":[{"id":357,"href":"https:\/\/ionaramendi.eus\/es\/wp-json\/wp\/v2\/pages\/265\/revisions\/357"}],"wp:attachment":[{"href":"https:\/\/ionaramendi.eus\/es\/wp-json\/wp\/v2\/media?parent=265"}],"curies":[{"name":"wp","href":"https:\/\/api.w.org\/{rel}","templated":true}]}}